{"id":186,"date":"2025-07-21T08:25:47","date_gmt":"2025-07-21T06:25:47","guid":{"rendered":"http:\/\/6510151399522.hostingkunde.de\/?page_id=186"},"modified":"2025-07-21T11:10:37","modified_gmt":"2025-07-21T09:10:37","slug":"vermietung","status":"publish","type":"page","link":"https:\/\/cargotainer.de\/en\/vermietung\/","title":{"rendered":"Leasing"},"content":{"rendered":"<div data-elementor-type=\"wp-page\" data-elementor-id=\"186\" class=\"elementor elementor-186\">\n\t\t\t\t<div class=\"elementor-element elementor-element-23c2e9d e-flex e-con-boxed e-con e-parent\" data-id=\"23c2e9d\" data-element_type=\"container\">\n\t\t\t\t\t<div class=\"e-con-inner\">\n\t\t\t\t\t<\/div>\n\t\t\t\t<\/div>\n\t\t<div class=\"elementor-element elementor-element-58132c5 e-flex e-con-boxed e-con e-parent\" data-id=\"58132c5\" data-element_type=\"container\">\n\t\t\t\t\t<div class=\"e-con-inner\">\n\t\t<div class=\"elementor-element elementor-element-7c7e49c e-con-full e-flex e-con e-child\" data-id=\"7c7e49c\" data-element_type=\"container\">\n\t\t\t\t<\/div>\n\t\t\t\t\t<\/div>\n\t\t\t\t<\/div>\n\t\t<div class=\"elementor-element elementor-element-23e23a7 e-flex e-con-boxed e-con e-parent\" data-id=\"23e23a7\" data-element_type=\"container\">\n\t\t\t\t\t<div class=\"e-con-inner\">\n\t\t<div class=\"elementor-element elementor-element-4d5c0a2 e-con-full e-flex e-con e-child\" data-id=\"4d5c0a2\" data-element_type=\"container\">\n\t\t\t\t<div class=\"elementor-element elementor-element-cebb687 elementor-widget elementor-widget-heading\" data-id=\"cebb687\" data-element_type=\"widget\" data-widget_type=\"heading.default\">\n\t\t\t\t\t<h4 class=\"elementor-heading-title elementor-size-default\">Just in case, just lease!<\/h4>\t\t\t\t<\/div>\n\t\t\t\t<div class=\"elementor-element elementor-element-a8da72c elementor-widget elementor-widget-text-editor\" data-id=\"a8da72c\" data-element_type=\"widget\" data-widget_type=\"text-editor.default\">\n\t\t\t\t\t\t\t\t\t<p>Part of creating your perfect logistic solution is avoiding excess capacities. Therefore, it can be helpful not having to invest in your own equipment but to rather lease containers when necessary. This is the service we offer to you at terms that will convince you!<\/p>\t\t\t\t\t\t\t\t<\/div>\n\t\t\t\t<div class=\"elementor-element elementor-element-cb7c89a elementor-widget elementor-widget-heading\" data-id=\"cb7c89a\" data-element_type=\"widget\" data-widget_type=\"heading.default\">\n\t\t\t\t\t<h4 class=\"elementor-heading-title elementor-size-default\">Good terms and conditions for leasing containers:<\/h4>\t\t\t\t<\/div>\n\t\t\t\t<div class=\"elementor-element elementor-element-7f64ec0 elementor-widget elementor-widget-text-editor\" data-id=\"7f64ec0\" data-element_type=\"widget\" data-widget_type=\"text-editor.default\">\n\t\t\t\t\t\t\t\t\t<ul><li>Short-term, medium-term or long-term leasing is possible<\/li><li>A wide range of different container types is available<\/li><li>Container rental for commerce and industry as temporary storage capacity with the possibility of trucking and delivery to customer\n\nLeasing to tank operators in cases of equipment shortage<\/li><\/ul>\t\t\t\t\t\t\t\t<\/div>\n\t\t\t\t<div class=\"elementor-element elementor-element-1293c2a elementor-widget elementor-widget-heading\" data-id=\"1293c2a\" data-element_type=\"widget\" data-widget_type=\"heading.default\">\n\t\t\t\t\t<h4 class=\"elementor-heading-title elementor-size-default\">Containers for Lease:<\/h4>\t\t\t\t<\/div>\n\t\t\t\t<div class=\"elementor-element elementor-element-4aad69e elementor-widget elementor-widget-text-editor\" data-id=\"4aad69e\" data-element_type=\"widget\" data-widget_type=\"text-editor.default\">\n\t\t\t\t\t\t\t\t\t<ul><li>Tank containers:<ul><li>\u00a020' standard tank containers 21.000 up to 26.000 litres volume L4BN T11<\/li><li>\u00a020' tank containers with baffles<\/li><li>\u00a020' tank containers L10BN<\/li><li>\u00a020' rubber-lined containers<\/li><li>\u00a07,15m SWAP containers 31.000 litres volume L4BN T11<\/li><\/ul><\/li><\/ul><ul><li>Silo Containers<ul><li>20' silo containers with RID\/ADR\/IMDG approval 23.000 up to 25.000 litres volume<\/li><li>30' silo containers out of stainless steel for hazardous cargo 39.000 litres volume<\/li><li>20' ISO silo containers for overseas shipments\/transport<\/li><li>30' silo containers for harmless goods 41.000 litres up to 51.000 litres volume<\/li><\/ul><\/li><\/ul>\t\t\t\t\t\t\t\t<\/div>\n\t\t\t\t<div class=\"elementor-element elementor-element-69e9d2f elementor-widget elementor-widget-heading\" data-id=\"69e9d2f\" data-element_type=\"widget\" data-widget_type=\"heading.default\">\n\t\t\t\t\t<span class=\"elementor-heading-title elementor-size-default\">Other container types on request.\n<\/span>\t\t\t\t<\/div>\n\t\t\t\t<\/div>\n\t\t<div class=\"elementor-element elementor-element-7110ba3 e-con-full e-flex e-con e-child\" data-id=\"7110ba3\" data-element_type=\"container\">\n\t\t\t\t<div class=\"elementor-element elementor-element-a6f0bdc elementor-widget elementor-widget-sidebar\" data-id=\"a6f0bdc\" data-element_type=\"widget\" data-widget_type=\"sidebar.default\">\n\t\t\t\t\t\n<h2 class=\"wp-block-heading has-small-font-size\">CARGOTAINER GmbH<br>Internationale Fachspedition<\/h2>\n\n<p class=\"has-small-font-size\">\u00d6lhafenstra\u00dfe 36<br>68169 Mannheim\nGermany<br><\/p>\n\n<p class=\"has-small-font-size\">MO-FR\u00a0 08:00 bis 17:00 Uhr<\/p>\n\n<p class=\"has-small-font-size\">Phone: +49 621 15801-0<br>Fax: +49 621 15801-23<\/p>\n\n<p class=\"has-small-font-size\">E-Mail:&nbsp;<a href=\"mailto:info@cargotainer.de\">info@cargotainer.de<\/a><\/p>\n\t\t\t\t<\/div>\n\t\t\t\t<div class=\"elementor-element elementor-element-36be27f elementor-widget elementor-widget-image\" data-id=\"36be27f\" data-element_type=\"widget\" data-widget_type=\"image.default\">\n\t\t\t\t\t\t\t\t\t\t\t\t\t\t\t<img decoding=\"async\" width=\"235\" height=\"176\" src=\"https:\/\/cargotainer.de\/wp-content\/uploads\/2025\/07\/Vermietung-klein.jpg\" class=\"attachment-large size-large wp-image-194\" alt=\"\" srcset=\"https:\/\/cargotainer.de\/wp-content\/uploads\/2025\/07\/Vermietung-klein.jpg 235w, https:\/\/cargotainer.de\/wp-content\/uploads\/2025\/07\/Vermietung-klein-16x12.jpg 16w\" sizes=\"(max-width: 235px) 100vw, 235px\" \/>\t\t\t\t\t\t\t\t\t\t\t\t\t\t\t<\/div>\n\t\t\t\t<div class=\"elementor-element elementor-element-7ac0b9c elementor-position-inline-start elementor-mobile-position-inline-start elementor-view-default elementor-widget elementor-widget-icon-box\" data-id=\"7ac0b9c\" data-element_type=\"widget\" data-widget_type=\"icon-box.default\">\n\t\t\t\t\t\t\t<div class=\"elementor-icon-box-wrapper\">\n\n\t\t\t\t\t\t<div class=\"elementor-icon-box-icon\">\n\t\t\t\t<a href=\"http:\/\/www.cargotainer.de\/images\/PDF\/Allg.Vermietbedingungen.pdf\" target=\"_blank\" rel=\"nofollow\" class=\"elementor-icon\" tabindex=\"-1\" aria-label=\"Allg. Vermietbedingungen\">\n\t\t\t\t<svg aria-hidden=\"true\" class=\"e-font-icon-svg e-fas-file-pdf\" viewbox=\"0 0 384 512\" xmlns=\"http:\/\/www.w3.org\/2000\/svg\"><path d=\"M181.9 256.1c-5-16-4.9-46.9-2-46.9 8.4 0 7.6 36.9 2 46.9zm-1.7 47.2c-7.7 20.2-17.3 43.3-28.4 62.7 18.3-7 39-17.2 62.9-21.9-12.7-9.6-24.9-23.4-34.5-40.8zM86.1 428.1c0 .8 13.2-5.4 34.9-40.2-6.7 6.3-29.1 24.5-34.9 40.2zM248 160h136v328c0 13.3-10.7 24-24 24H24c-13.3 0-24-10.7-24-24V24C0 10.7 10.7 0 24 0h200v136c0 13.2 10.8 24 24 24zm-8 171.8c-20-12.2-33.3-29-42.7-53.8 4.5-18.5 11.6-46.6 6.2-64.2-4.7-29.4-42.4-26.5-47.8-6.8-5 18.3-.4 44.1 8.1 77-11.6 27.6-28.7 64.6-40.8 85.8-.1 0-.1.1-.2.1-27.1 13.9-73.6 44.5-54.5 68 5.6 6.9 16 10 21.5 10 17.9 0 35.7-18 61.1-61.8 25.8-8.5 54.1-19.1 79-23.2 21.7 11.8 47.1 19.5 64 19.5 29.2 0 31.2-32 19.7-43.4-13.9-13.6-54.3-9.7-73.6-7.2zM377 105L279 7c-4.5-4.5-10.6-7-17-7h-6v128h128v-6.1c0-6.3-2.5-12.4-7-16.9zm-74.1 255.3c4.1-2.7-2.5-11.9-42.8-9 37.1 15.8 42.8 9 42.8 9z\"><\/path><\/svg>\t\t\t\t<\/a>\n\t\t\t<\/div>\n\t\t\t\n\t\t\t\t\t\t<div class=\"elementor-icon-box-content\">\n\n\t\t\t\t\t\t\t\t\t<h5 class=\"elementor-icon-box-title\">\n\t\t\t\t\t\t<a href=\"http:\/\/www.cargotainer.de\/images\/PDF\/Allg.Vermietbedingungen.pdf\" target=\"_blank\" rel=\"nofollow\" >\n\t\t\t\t\t\t\tAllg. Vermietbedingungen\t\t\t\t\t\t<\/a>\n\t\t\t\t\t<\/h5>\n\t\t\t\t\n\t\t\t\t\n\t\t\t<\/div>\n\t\t\t\n\t\t<\/div>\n\t\t\t\t\t\t<\/div>\n\t\t\t\t<\/div>\n\t\t\t\t\t<\/div>\n\t\t\t\t<\/div>\n\t\t\t\t<\/div>","protected":false},"excerpt":{"rendered":"<p>Im Falle eines Falles einfach mieten Die eigene Logistik optimal gestalten. Dazu geh\u00f6rt auch, \u00dcberkapazit\u00e4ten zu vermeiden. Oftmals ist es daher sinnvoll, auf eigene Container zu verzichten und sie im Falle eines Falles zu mieten. Diesen Service bieten wir Ihnen gerne. Zu Konditionen, die Sie in jedem Fall \u00fcberzeugen werden. Gute Konditionen f\u00fcr Mietcontainer: Kurz-, [&hellip;]<\/p>\n","protected":false},"author":1,"featured_media":0,"parent":0,"menu_order":0,"comment_status":"closed","ping_status":"closed","template":"","meta":{"_eb_attr":"","footnotes":""},"class_list":["post-186","page","type-page","status-publish","hentry"],"blocksy_meta":[],"yoast_head":"<!-- This site is optimized with the Yoast SEO plugin v27.5 - https:\/\/yoast.com\/product\/yoast-seo-wordpress\/ -->\n<title>Vermietung - Cargotainer<\/title>\n<meta name=\"robots\" content=\"index, follow, max-snippet:-1, max-image-preview:large, max-video-preview:-1\" \/>\n<link rel=\"canonical\" href=\"https:\/\/cargotainer.de\/en\/vermietung\/\" \/>\n<meta property=\"og:locale\" content=\"en_GB\" \/>\n<meta property=\"og:type\" content=\"article\" \/>\n<meta property=\"og:title\" content=\"Vermietung - Cargotainer\" \/>\n<meta property=\"og:description\" content=\"Im Falle eines Falles einfach mieten Die eigene Logistik optimal gestalten. Dazu geh\u00f6rt auch, \u00dcberkapazit\u00e4ten zu vermeiden. Oftmals ist es daher sinnvoll, auf eigene Container zu verzichten und sie im Falle eines Falles zu mieten. Diesen Service bieten wir Ihnen gerne. Zu Konditionen, die Sie in jedem Fall \u00fcberzeugen werden. Gute Konditionen f\u00fcr Mietcontainer: Kurz-, [&hellip;]\" \/>\n<meta property=\"og:url\" content=\"https:\/\/cargotainer.de\/en\/vermietung\/\" \/>\n<meta property=\"og:site_name\" content=\"Cargotainer\" \/>\n<meta property=\"article:modified_time\" content=\"2025-07-21T09:10:37+00:00\" \/>\n<meta property=\"og:image\" content=\"http:\/\/cargotainer.de\/wp-content\/uploads\/2025\/07\/Vermietung-klein.jpg\" \/>\n<meta name=\"twitter:card\" content=\"summary_large_image\" \/>\n<meta name=\"twitter:label1\" content=\"Estimated reading time\" \/>\n\t<meta name=\"twitter:data1\" content=\"1 minute\" \/>\n<script type=\"application\/ld+json\" class=\"yoast-schema-graph\">{\"@context\":\"https:\\\/\\\/schema.org\",\"@graph\":[{\"@type\":\"WebPage\",\"@id\":\"https:\\\/\\\/cargotainer.de\\\/vermietung\\\/\",\"url\":\"https:\\\/\\\/cargotainer.de\\\/vermietung\\\/\",\"name\":\"Vermietung - Cargotainer\",\"isPartOf\":{\"@id\":\"https:\\\/\\\/cargotainer.de\\\/#website\"},\"primaryImageOfPage\":{\"@id\":\"https:\\\/\\\/cargotainer.de\\\/vermietung\\\/#primaryimage\"},\"image\":{\"@id\":\"https:\\\/\\\/cargotainer.de\\\/vermietung\\\/#primaryimage\"},\"thumbnailUrl\":\"http:\\\/\\\/cargotainer.de\\\/wp-content\\\/uploads\\\/2025\\\/07\\\/Vermietung-klein.jpg\",\"datePublished\":\"2025-07-21T06:25:47+00:00\",\"dateModified\":\"2025-07-21T09:10:37+00:00\",\"inLanguage\":\"en-GB\",\"potentialAction\":[{\"@type\":\"ReadAction\",\"target\":[\"https:\\\/\\\/cargotainer.de\\\/vermietung\\\/\"]}]},{\"@type\":\"ImageObject\",\"inLanguage\":\"en-GB\",\"@id\":\"https:\\\/\\\/cargotainer.de\\\/vermietung\\\/#primaryimage\",\"url\":\"http:\\\/\\\/cargotainer.de\\\/wp-content\\\/uploads\\\/2025\\\/07\\\/Vermietung-klein.jpg\",\"contentUrl\":\"http:\\\/\\\/cargotainer.de\\\/wp-content\\\/uploads\\\/2025\\\/07\\\/Vermietung-klein.jpg\"},{\"@type\":\"WebSite\",\"@id\":\"https:\\\/\\\/cargotainer.de\\\/#website\",\"url\":\"https:\\\/\\\/cargotainer.de\\\/\",\"name\":\"Cargotainer\",\"description\":\"\",\"publisher\":{\"@id\":\"https:\\\/\\\/cargotainer.de\\\/#organization\"},\"potentialAction\":[{\"@type\":\"SearchAction\",\"target\":{\"@type\":\"EntryPoint\",\"urlTemplate\":\"https:\\\/\\\/cargotainer.de\\\/?s={search_term_string}\"},\"query-input\":{\"@type\":\"PropertyValueSpecification\",\"valueRequired\":true,\"valueName\":\"search_term_string\"}}],\"inLanguage\":\"en-GB\"},{\"@type\":\"Organization\",\"@id\":\"https:\\\/\\\/cargotainer.de\\\/#organization\",\"name\":\"Cargotainer\",\"url\":\"https:\\\/\\\/cargotainer.de\\\/\",\"logo\":{\"@type\":\"ImageObject\",\"inLanguage\":\"en-GB\",\"@id\":\"https:\\\/\\\/cargotainer.de\\\/#\\\/schema\\\/logo\\\/image\\\/\",\"url\":\"https:\\\/\\\/cargotainer.de\\\/wp-content\\\/uploads\\\/2025\\\/07\\\/logo.jpg\",\"contentUrl\":\"https:\\\/\\\/cargotainer.de\\\/wp-content\\\/uploads\\\/2025\\\/07\\\/logo.jpg\",\"width\":316,\"height\":60,\"caption\":\"Cargotainer\"},\"image\":{\"@id\":\"https:\\\/\\\/cargotainer.de\\\/#\\\/schema\\\/logo\\\/image\\\/\"}}]}<\/script>\n<!-- \/ Yoast SEO plugin. -->","yoast_head_json":{"title":"Vermietung - Cargotainer","robots":{"index":"index","follow":"follow","max-snippet":"max-snippet:-1","max-image-preview":"max-image-preview:large","max-video-preview":"max-video-preview:-1"},"canonical":"https:\/\/cargotainer.de\/en\/vermietung\/","og_locale":"en_GB","og_type":"article","og_title":"Vermietung - Cargotainer","og_description":"Im Falle eines Falles einfach mieten Die eigene Logistik optimal gestalten. Dazu geh\u00f6rt auch, \u00dcberkapazit\u00e4ten zu vermeiden. Oftmals ist es daher sinnvoll, auf eigene Container zu verzichten und sie im Falle eines Falles zu mieten. Diesen Service bieten wir Ihnen gerne. Zu Konditionen, die Sie in jedem Fall \u00fcberzeugen werden. Gute Konditionen f\u00fcr Mietcontainer: Kurz-, [&hellip;]","og_url":"https:\/\/cargotainer.de\/en\/vermietung\/","og_site_name":"Cargotainer","article_modified_time":"2025-07-21T09:10:37+00:00","og_image":[{"url":"http:\/\/cargotainer.de\/wp-content\/uploads\/2025\/07\/Vermietung-klein.jpg","type":"","width":"","height":""}],"twitter_card":"summary_large_image","twitter_misc":{"Estimated reading time":"1 minute"},"schema":{"@context":"https:\/\/schema.org","@graph":[{"@type":"WebPage","@id":"https:\/\/cargotainer.de\/vermietung\/","url":"https:\/\/cargotainer.de\/vermietung\/","name":"Vermietung - Cargotainer","isPartOf":{"@id":"https:\/\/cargotainer.de\/#website"},"primaryImageOfPage":{"@id":"https:\/\/cargotainer.de\/vermietung\/#primaryimage"},"image":{"@id":"https:\/\/cargotainer.de\/vermietung\/#primaryimage"},"thumbnailUrl":"http:\/\/cargotainer.de\/wp-content\/uploads\/2025\/07\/Vermietung-klein.jpg","datePublished":"2025-07-21T06:25:47+00:00","dateModified":"2025-07-21T09:10:37+00:00","inLanguage":"en-GB","potentialAction":[{"@type":"ReadAction","target":["https:\/\/cargotainer.de\/vermietung\/"]}]},{"@type":"ImageObject","inLanguage":"en-GB","@id":"https:\/\/cargotainer.de\/vermietung\/#primaryimage","url":"http:\/\/cargotainer.de\/wp-content\/uploads\/2025\/07\/Vermietung-klein.jpg","contentUrl":"http:\/\/cargotainer.de\/wp-content\/uploads\/2025\/07\/Vermietung-klein.jpg"},{"@type":"WebSite","@id":"https:\/\/cargotainer.de\/#website","url":"https:\/\/cargotainer.de\/","name":"Cargotainer","description":"","publisher":{"@id":"https:\/\/cargotainer.de\/#organization"},"potentialAction":[{"@type":"SearchAction","target":{"@type":"EntryPoint","urlTemplate":"https:\/\/cargotainer.de\/?s={search_term_string}"},"query-input":{"@type":"PropertyValueSpecification","valueRequired":true,"valueName":"search_term_string"}}],"inLanguage":"en-GB"},{"@type":"Organization","@id":"https:\/\/cargotainer.de\/#organization","name":"Cargotainer","url":"https:\/\/cargotainer.de\/","logo":{"@type":"ImageObject","inLanguage":"en-GB","@id":"https:\/\/cargotainer.de\/#\/schema\/logo\/image\/","url":"https:\/\/cargotainer.de\/wp-content\/uploads\/2025\/07\/logo.jpg","contentUrl":"https:\/\/cargotainer.de\/wp-content\/uploads\/2025\/07\/logo.jpg","width":316,"height":60,"caption":"Cargotainer"},"image":{"@id":"https:\/\/cargotainer.de\/#\/schema\/logo\/image\/"}}]}},"_links":{"self":[{"href":"https:\/\/cargotainer.de\/en\/wp-json\/wp\/v2\/pages\/186","targetHints":{"allow":["GET"]}}],"collection":[{"href":"https:\/\/cargotainer.de\/en\/wp-json\/wp\/v2\/pages"}],"about":[{"href":"https:\/\/cargotainer.de\/en\/wp-json\/wp\/v2\/types\/page"}],"author":[{"embeddable":true,"href":"https:\/\/cargotainer.de\/en\/wp-json\/wp\/v2\/users\/1"}],"replies":[{"embeddable":true,"href":"https:\/\/cargotainer.de\/en\/wp-json\/wp\/v2\/comments?post=186"}],"version-history":[{"count":0,"href":"https:\/\/cargotainer.de\/en\/wp-json\/wp\/v2\/pages\/186\/revisions"}],"wp:attachment":[{"href":"https:\/\/cargotainer.de\/en\/wp-json\/wp\/v2\/media?parent=186"}],"curies":[{"name":"wp","href":"https:\/\/api.w.org\/{rel}","templated":true}]}}